{"id":447,"date":"2023-10-24T18:03:05","date_gmt":"2023-10-24T16:03:05","guid":{"rendered":"https:\/\/www.pfefferkorn-lech.at\/pfeffermuehle"},"modified":"2026-04-06T08:53:40","modified_gmt":"2026-04-06T06:53:40","slug":"pfeffermuehle","status":"publish","type":"page","link":"https:\/\/www.pfefferkorn-lech.at\/en\/restaurants\/pfeffermuehle","title":{"rendered":"Pfefferm\u00fchle"},"content":{"rendered":"\n<h1 class=\"wp-block-heading\">Fine dining at the gourmet Restaurant Pfefferm\u00fchle.<\/h1>\n\n\n\n<p class=\"has-medium-font-size\">A smorgasbord of delights from our award-winning kitchen. We have a soft spot for regional ingredients and Alpine cuisine. The Alps, forests and local waters are our larder. Austria\u2019s Gault&amp;Millau culinary guide describes Restaurant Pfefferm\u00fchle\u2019s signature style as a refreshing philosophy without extravagant gimmicks. We like to think of it as a dogma-free approach to regional cuisine. Our chef has travelled far and wide, which has made him all the more aware of his homeland \u2013 a constant presence in the tradition, freshness and spirit that shapes every plate. In 2024, Gault&amp;Millau awarded Restaurant Pfefferm\u00fchle two toques.<\/p>\n\n\n\n<div class=\"wp-block-cover alignfull is-light\" style=\"margin-top:100px;margin-bottom:100px;padding-top:60px;padding-bottom:60px\"><span aria-hidden=\"true\" class=\"wp-block-cover__background has-old-pink-background-color has-background-dim-10 has-background-dim\"><\/span><div class=\"wp-block-cover__inner-container has-global-padding is-layout-constrained wp-block-cover-is-layout-constrained\">\n<figure class=\"wp-block-image size-full is-resized\"><img loading=\"lazy\" decoding=\"async\" width=\"362\" height=\"362\" src=\"https:\/\/www.pfefferkorn-lech.at\/wp-content\/uploads\/2025\/10\/Michelin_EN@2x.png\" alt=\"\" class=\"wp-image-778\" style=\"width:200px\" srcset=\"https:\/\/www.pfefferkorn-lech.at\/wp-content\/uploads\/2025\/10\/Michelin_EN@2x.png 362w, https:\/\/www.pfefferkorn-lech.at\/wp-content\/uploads\/2025\/10\/Michelin_EN@2x-300x300.png 300w, https:\/\/www.pfefferkorn-lech.at\/wp-content\/uploads\/2025\/10\/Michelin_EN@2x-150x150.png 150w\" sizes=\"auto, (max-width: 362px) 100vw, 362px\" \/><\/figure>\n\n\n\n<blockquote class=\"wp-block-quote is-style-default has-small-font-size is-layout-flow wp-block-quote-is-layout-flow\" style=\"padding-right:0;padding-left:0\">\n<p class=\"has-text-align-left has-old-pink-color has-text-color has-link-color has-large-font-size wp-elements-0b259c1fe653771c3fd07f5ad84fdca9\">(&#8230;) The \u00e0 la carte menu lives up to the establishment&#8217;s name, incorporating a unique touch of exoticism with one of 13 peppers in each dish.<\/p>\n\n\n\n<p>Think carabineros prawn with fruity curry, pickled golden beet, tomato, ginger, and Indian mountain pepper, or pigeon \u00e0 la royale with pear, parsnip, fried onion, and smoked Malabar pepper. There is no reason to worry that the food will be excessively spicy \u2013 chef Christian Wild has a light touch with the pepper, so it enhances the flavour without overpowering it. Diners can also look forward to very friendly service and a fine selection of wines.&#8221;<\/p>\n\n\n\n<div class=\"wp-block-group is-content-justification-space-between is-nowrap is-layout-flex wp-container-core-group-is-layout-cb46ffcb wp-block-group-is-layout-flex\">\n<p>Guide Michelin, 2025<\/p>\n\n\n\n<div class=\"wp-block-buttons is-layout-flex wp-block-buttons-is-layout-flex\">\n<div class=\"wp-block-button is-style-arrow\"><a class=\"wp-block-button__link wp-element-button\" href=\"https:\/\/guide.michelin.com\/at\/en\/vorarlberg\/lech-am-arlberg_7770322\/restaurant\/pfeffermuhle\" target=\"_blank\" rel=\"noreferrer noopener\">Read more<\/a><\/div>\n<\/div>\n<\/div>\n<\/blockquote>\n<\/div><\/div>\n\n\n\n<div class=\"wp-block-columns alignwide is-layout-flex wp-container-core-columns-is-layout-af0a31c4 wp-block-columns-is-layout-flex\" style=\"margin-top:var(--wp--preset--spacing--xx-large);margin-bottom:var(--wp--preset--spacing--large)\">\n<div class=\"wp-block-column is-layout-flow wp-block-column-is-layout-flow\" style=\"flex-basis:57%\">\n<figure class=\"wp-block-image size-large\"><img loading=\"lazy\" decoding=\"async\" width=\"1024\" height=\"772\" src=\"https:\/\/www.pfefferkorn-lech.at\/wp-content\/uploads\/2023\/10\/restaurants-6-1024x772.jpg\" alt=\"\" class=\"wp-image-247\" srcset=\"https:\/\/www.pfefferkorn-lech.at\/wp-content\/uploads\/2023\/10\/restaurants-6-1024x772.jpg 1024w, https:\/\/www.pfefferkorn-lech.at\/wp-content\/uploads\/2023\/10\/restaurants-6-300x226.jpg 300w, https:\/\/www.pfefferkorn-lech.at\/wp-content\/uploads\/2023\/10\/restaurants-6-768x579.jpg 768w, https:\/\/www.pfefferkorn-lech.at\/wp-content\/uploads\/2023\/10\/restaurants-6.jpg 1420w\" sizes=\"auto, (max-width: 1024px) 100vw, 1024px\" \/><\/figure>\n\n\n\n<div class=\"wp-block-group has-global-padding is-content-justification-right is-layout-constrained wp-container-core-group-is-layout-b4f04c0e wp-block-group-is-layout-constrained\" style=\"margin-top:var(--wp--preset--spacing--x-large);margin-bottom:0\">\n<h4 class=\"wp-block-heading\">Winter opening hours<\/h4>\n\n\n\n<p class=\"has-tt-norms-font-family\" style=\"font-size:clamp(14px, 0.875rem + ((1vw - 3.2px) * 0.431), 18px);font-style:normal;font-weight:500;line-height:1.9\">Happy to see you next winter. <br>Reservations: +43 (0)5583 25250<\/p>\n\n\n\n<div class=\"wp-block-buttons is-layout-flex wp-block-buttons-is-layout-flex\">\n<div class=\"wp-block-button\"><a class=\"wp-block-button__link wp-element-button\" href=\"https:\/\/www.pfefferkorn-lech.at\/wp-content\/uploads\/2025\/11\/Muehle-A-la-cart-25.26-Englisch.pdf\" target=\"_blank\" rel=\"noreferrer noopener\">&nbsp;See the menus (PDF)<\/a><\/div>\n<\/div>\n<\/div>\n<\/div>\n\n\n\n<div class=\"wp-block-column is-layout-flow wp-block-column-is-layout-flow\" style=\"flex-basis:40%\">\n<figure class=\"wp-block-image size-full\"><img loading=\"lazy\" decoding=\"async\" width=\"992\" height=\"640\" src=\"https:\/\/www.pfefferkorn-lech.at\/wp-content\/uploads\/2023\/10\/restaurants-7.jpg\" alt=\"\" class=\"wp-image-246\" style=\"aspect-ratio:1.55;object-fit:cover\" srcset=\"https:\/\/www.pfefferkorn-lech.at\/wp-content\/uploads\/2023\/10\/restaurants-7.jpg 992w, https:\/\/www.pfefferkorn-lech.at\/wp-content\/uploads\/2023\/10\/restaurants-7-300x194.jpg 300w, https:\/\/www.pfefferkorn-lech.at\/wp-content\/uploads\/2023\/10\/restaurants-7-768x495.jpg 768w\" sizes=\"auto, (max-width: 992px) 100vw, 992px\" \/><\/figure>\n\n\n\n<div class=\"wp-block-columns is-layout-flex wp-container-core-columns-is-layout-28f84493 wp-block-columns-is-layout-flex\">\n<div class=\"wp-block-column is-layout-flow wp-block-column-is-layout-flow\" style=\"flex-basis:175px\">\n<div class=\"wp-block-cover\" style=\"padding-top:0;padding-right:0;padding-bottom:0;padding-left:0;min-height:175px;aspect-ratio:unset;\"><img loading=\"lazy\" decoding=\"async\" width=\"175\" height=\"175\" class=\"wp-block-cover__image-background wp-image-248\" alt=\"\" src=\"https:\/\/www.pfefferkorn-lech.at\/wp-content\/uploads\/2023\/10\/bg-circle.svg\" data-object-fit=\"cover\"\/><span aria-hidden=\"true\" class=\"wp-block-cover__background has-background-dim-0 has-background-dim\"><\/span><div class=\"wp-block-cover__inner-container is-layout-flow wp-block-cover-is-layout-flow\">\n<p class=\"has-text-align-center\" style=\"padding-bottom:var(--wp--preset--spacing--small);font-size:clamp(15.747px, 0.984rem + ((1vw - 3.2px) * 0.889), 24px);\"><a href=\"https:\/\/restaurants.table4u.at\/anfrage\/ger\/99ccd924527a6eb696a5b6727ac053bb6497e97a36fee7e5da3f5f85fe2faecf\" target=\"_blank\" rel=\"noreferrer noopener\">Tisch <br>reservieren<\/a><\/p>\n<\/div><\/div>\n<\/div>\n\n\n\n<div class=\"wp-block-column is-layout-flow wp-block-column-is-layout-flow\"><\/div>\n<\/div>\n<\/div>\n<\/div>\n\n\n\n<div class=\"wp-block-media-text alignwide has-media-on-the-right is-stacked-on-mobile is-vertically-aligned-center\" style=\"margin-top:0;grid-template-columns:auto 57%\"><div class=\"wp-block-media-text__content\">\n<div class=\"wp-block-group has-global-padding is-layout-constrained wp-block-group-is-layout-constrained\">\n<h2 class=\"wp-block-heading\" style=\"font-size:clamp(25.014px, 1.563rem + ((1vw - 3.2px) * 1.83), 42px);\">Half board <br>and culinary <br>flights of fancy<\/h2>\n\n\n\n<p>An award-winning restaurant in Lech that stands out for the harmony of its approach and flavours. From the atmospheric interior to the taste, textures and colours of the dishes. Each day of your vacation gets off to the best possible start with a regional breakfast buffet. And a five-course menu of your choice or your favourite \u00e0 la carte dishes bring it to the perfect conclusion.<\/p>\n\n\n\n<p>At the Pfefferm\u00fchle restaurant the moments of enjoyment just keep on coming. Once a week, our award-winning restaurant hosts a fondue evening and an appetiser buffet.<\/p>\n<\/div>\n<\/div><figure class=\"wp-block-media-text__media\"><img loading=\"lazy\" decoding=\"async\" width=\"1024\" height=\"772\" src=\"https:\/\/www.pfefferkorn-lech.at\/wp-content\/uploads\/2023\/10\/restaurants-8-1024x772.jpg\" alt=\"\" class=\"wp-image-245 size-full\" srcset=\"https:\/\/www.pfefferkorn-lech.at\/wp-content\/uploads\/2023\/10\/restaurants-8-1024x772.jpg 1024w, https:\/\/www.pfefferkorn-lech.at\/wp-content\/uploads\/2023\/10\/restaurants-8-300x226.jpg 300w, https:\/\/www.pfefferkorn-lech.at\/wp-content\/uploads\/2023\/10\/restaurants-8-768x579.jpg 768w, https:\/\/www.pfefferkorn-lech.at\/wp-content\/uploads\/2023\/10\/restaurants-8.jpg 1420w\" sizes=\"auto, (max-width: 1024px) 100vw, 1024px\" \/><\/figure><\/div>\n\n\n\n<div class=\"wp-block-media-text alignwide is-stacked-on-mobile\" style=\"padding-left:100px;grid-template-columns:55% auto\"><figure class=\"wp-block-media-text__media\"><img loading=\"lazy\" decoding=\"async\" width=\"801\" height=\"1024\" src=\"https:\/\/www.pfefferkorn-lech.at\/wp-content\/uploads\/2023\/10\/restaurants-9-801x1024.jpg\" alt=\"\" class=\"wp-image-244 size-full\" srcset=\"https:\/\/www.pfefferkorn-lech.at\/wp-content\/uploads\/2023\/10\/restaurants-9-801x1024.jpg 801w, https:\/\/www.pfefferkorn-lech.at\/wp-content\/uploads\/2023\/10\/restaurants-9-235x300.jpg 235w, https:\/\/www.pfefferkorn-lech.at\/wp-content\/uploads\/2023\/10\/restaurants-9-768x981.jpg 768w, https:\/\/www.pfefferkorn-lech.at\/wp-content\/uploads\/2023\/10\/restaurants-9.jpg 994w\" sizes=\"auto, (max-width: 801px) 100vw, 801px\" \/><\/figure><div class=\"wp-block-media-text__content\">\n<div class=\"wp-block-group has-global-padding is-layout-constrained wp-block-group-is-layout-constrained\">\n<h2 class=\"wp-block-heading\" style=\"font-size:clamp(25.014px, 1.563rem + ((1vw - 3.2px) * 1.83), 42px);\">Prize-winning culinary variety<\/h2>\n\n\n\n<p style=\"margin-top:24px\">Regional cuisine is the start of the show. The Pfefferm\u00fchle was awarded two Gault&amp;Millau toques in 2022 \u2013 proving that the Vorarlberg culinary scene is up there with the very best of them.<\/p>\n\n\n\n<p>2 Gault&amp;Millau toques, 2024<br>1 Fork\/83 points, Falstaff Restaurant Guide 2018<\/p>\n\n\n\n<div style=\"height:75px\" aria-hidden=\"true\" class=\"wp-block-spacer\"><\/div>\n\n\n\n<div class=\"wp-block-group is-nowrap is-layout-flex wp-container-core-group-is-layout-6c531013 wp-block-group-is-layout-flex\">\n<figure class=\"wp-block-image size-large\"><img loading=\"lazy\" decoding=\"async\" width=\"87\" height=\"26\" src=\"https:\/\/www.pfefferkorn-lech.at\/wp-content\/uploads\/2023\/11\/logo-falstaff-black.svg\" alt=\"\" class=\"wp-image-305\"\/><\/figure>\n\n\n\n<figure class=\"wp-block-image size-full is-resized\"><img loading=\"lazy\" decoding=\"async\" width=\"291\" height=\"74\" src=\"https:\/\/www.pfefferkorn-lech.at\/wp-content\/uploads\/2023\/11\/logo-gault-millau-black.png\" alt=\"\" class=\"wp-image-307\" style=\"width:145px\"\/><\/figure>\n<\/div>\n<\/div>\n<\/div><\/div>\n\n\n\n<div class=\"wp-block-group alignwide is-content-justification-center is-nowrap is-layout-flex wp-container-core-group-is-layout-1436362c wp-block-group-is-layout-flex\" style=\"padding-top:var(--wp--preset--spacing--xx-large);padding-bottom:var(--wp--preset--spacing--xx-large)\">\n<div class=\"wp-block-group alignwide has-global-padding is-layout-constrained wp-container-core-group-is-layout-5d6774c4 wp-block-group-is-layout-constrained\">\n<figure class=\"wp-block-image size-full\"><img loading=\"lazy\" decoding=\"async\" width=\"1422\" height=\"1070\" src=\"https:\/\/www.pfefferkorn-lech.at\/wp-content\/uploads\/2023\/10\/restaurants-10.jpg\" alt=\"\" class=\"wp-image-253\" srcset=\"https:\/\/www.pfefferkorn-lech.at\/wp-content\/uploads\/2023\/10\/restaurants-10.jpg 1422w, https:\/\/www.pfefferkorn-lech.at\/wp-content\/uploads\/2023\/10\/restaurants-10-300x226.jpg 300w, https:\/\/www.pfefferkorn-lech.at\/wp-content\/uploads\/2023\/10\/restaurants-10-1024x771.jpg 1024w, https:\/\/www.pfefferkorn-lech.at\/wp-content\/uploads\/2023\/10\/restaurants-10-768x578.jpg 768w\" sizes=\"auto, (max-width: 1422px) 100vw, 1422px\" \/><\/figure>\n\n\n\n<h3 class=\"wp-block-heading\" style=\"font-size:clamp(20px, 1.25rem + ((1vw - 3.2px) * 1.293), 32px);\">Caf\u00e9, Bar &amp; Pub<br>Pfefferk\u00f6rndl.<\/h3>\n\n\n\n<div class=\"wp-block-buttons is-layout-flex wp-block-buttons-is-layout-flex\">\n<div class=\"wp-block-button is-style-arrow\"><a class=\"wp-block-button__link wp-element-button\" href=\"https:\/\/www.pfefferkorn-lech.at\/restaurants\/pfefferkoerndl\">More about the Pfefferk\u00f6rndl pub<\/a><\/div>\n<\/div>\n<\/div>\n\n\n\n<div class=\"wp-block-group alignwide has-global-padding is-layout-constrained wp-container-core-group-is-layout-b4332228 wp-block-group-is-layout-constrained\">\n<figure class=\"wp-block-image aligncenter size-full\"><img loading=\"lazy\" decoding=\"async\" width=\"562\" height=\"718\" src=\"https:\/\/www.pfefferkorn-lech.at\/wp-content\/uploads\/2023\/11\/restaurants-19.jpg\" alt=\"\" class=\"wp-image-308\" style=\"object-fit:cover\" srcset=\"https:\/\/www.pfefferkorn-lech.at\/wp-content\/uploads\/2023\/11\/restaurants-19.jpg 562w, https:\/\/www.pfefferkorn-lech.at\/wp-content\/uploads\/2023\/11\/restaurants-19-235x300.jpg 235w\" sizes=\"auto, (max-width: 562px) 100vw, 562px\" \/><\/figure>\n\n\n\n<h3 class=\"wp-block-heading\" style=\"font-size:clamp(20px, 1.25rem + ((1vw - 3.2px) * 1.293), 32px);\">Apr\u00e8s-Ski f\u00fcr Genie\u00dfer<\/h3>\n\n\n\n<div class=\"wp-block-buttons is-layout-flex wp-block-buttons-is-layout-flex\">\n<div class=\"wp-block-button is-style-arrow\"><a class=\"wp-block-button__link wp-element-button\" href=\"https:\/\/www.pfefferkorn-lech.at\/restaurants\/skilounge\">More about the Skilounge<\/a><\/div>\n<\/div>\n<\/div>\n<\/div>\n","protected":false},"excerpt":{"rendered":"<p>Fine dining at the gourmet Restaurant Pfefferm\u00fchle. A smorgasbord of delights from our award-winning kitchen. We have a soft spot for regional ingredients and Alpine cuisine. The Alps, forests and local waters are our larder. Austria\u2019s Gault&amp;Millau culinary guide describes Restaurant Pfefferm\u00fchle\u2019s signature style as a refreshing philosophy without extravagant gimmicks. We like to think [&hellip;]<\/p>\n","protected":false},"author":1,"featured_media":0,"parent":459,"menu_order":0,"comment_status":"closed","ping_status":"closed","template":"","meta":{"_acf_changed":false,"inline_featured_image":false,"footnotes":""},"class_list":["post-447","page","type-page","status-publish","hentry"],"acf":[],"_links":{"self":[{"href":"https:\/\/www.pfefferkorn-lech.at\/en\/wp-json\/wp\/v2\/pages\/447","targetHints":{"allow":["GET"]}}],"collection":[{"href":"https:\/\/www.pfefferkorn-lech.at\/en\/wp-json\/wp\/v2\/pages"}],"about":[{"href":"https:\/\/www.pfefferkorn-lech.at\/en\/wp-json\/wp\/v2\/types\/page"}],"author":[{"embeddable":true,"href":"https:\/\/www.pfefferkorn-lech.at\/en\/wp-json\/wp\/v2\/users\/1"}],"replies":[{"embeddable":true,"href":"https:\/\/www.pfefferkorn-lech.at\/en\/wp-json\/wp\/v2\/comments?post=447"}],"version-history":[{"count":0,"href":"https:\/\/www.pfefferkorn-lech.at\/en\/wp-json\/wp\/v2\/pages\/447\/revisions"}],"up":[{"embeddable":true,"href":"https:\/\/www.pfefferkorn-lech.at\/en\/wp-json\/wp\/v2\/pages\/459"}],"wp:attachment":[{"href":"https:\/\/www.pfefferkorn-lech.at\/en\/wp-json\/wp\/v2\/media?parent=447"}],"curies":[{"name":"wp","href":"https:\/\/api.w.org\/{rel}","templated":true}]}}